{"id":17,"date":"2023-06-14T11:54:58","date_gmt":"2023-06-14T11:54:58","guid":{"rendered":"https:\/\/dummy.xtemos.com\/woodmart2\/plants\/?page_id=17"},"modified":"2025-05-01T08:26:22","modified_gmt":"2025-05-01T08:26:22","slug":"verzorging","status":"publish","type":"page","link":"https:\/\/kaldersbloemen.nl\/fr\/verzorging\/","title":{"rendered":"Soins"},"content":{"rendered":"<div class=\"wpb-content-wrapper\"><div class=\"vc_row wpb_row vc_row-fluid wd-rs-645e1d7cb8b90\"><div class=\"wpb_column vc_column_container vc_col-sm-12 vc_col-lg-5 wd-rs-645cf5237b0a8\"><div class=\"vc_column-inner\"><div class=\"wpb_wrapper\">\n\t\t<div id=\"wd-6813300068f13\" class=\"title-wrapper wd-wpb wd-set-mb reset-last-child  wd-rs-6813300068f13 wd-title-color-default wd-title-style-default text-left vc_custom_1746087951425 wd-underline-colored\">\n\t\t\t\n\t\t\t<div class=\"liner-continer\">\n\t\t\t\t<h4 class=\"woodmart-title-container title  wd-font-weight- wd-fontsize-l\" >Toutes les informations n\u00e9cessaires sur les soins<\/h4>\n\t\t\t\t\t\t\t<\/div>\n\t\t\t\n\t\t\t\n\t\t\t\n\t\t<\/div>\n\t\t\n\t\t\t\t<div id=\"wd-6813301123232\" class=\"wd-text-block wd-wpb reset-last-child wd-rs-6813301123232 text-left\">\n\t\t\t<p>Avez-vous encore des questions ? <a href=\"\/fr\/contact\/\"><u>Prendre contact<\/u><\/a> et nous vous aiderons !<\/p>\n\t\t<\/div>\n\t\t<\/div><\/div><\/div><div class=\"wpb_column vc_column_container vc_col-sm-12 vc_col-lg-7 wd-rs-645cf52b90768\"><div class=\"vc_column-inner\"><div class=\"wpb_wrapper\"><div class=\"vc_row wpb_row vc_inner vc_row-fluid vc_custom_1683635467267 wd-rs-645a3d049afc2\"><div class=\"wpb_column vc_column_container vc_col-sm-12 vc_col-has-fill wd-enabled-flex wd-rs-645a3bc986d6e\"><div class=\"vc_column-inner vc_custom_1683635152090\"><div class=\"wpb_wrapper\">\t\t<div id=\"wd-645a3c3595691\" class=\"wd-text-block wd-wpb reset-last-child inline-element wd-rs-645a3c3595691 text-left wd-font-weight-500 color-title wd-fontsize-custom font-primary vc_custom_1683635258607\">\n\t\t\t<p>Aller \u00e0 :<\/p>\n\t\t<\/div>\n\t\t\t\t<div id=\"wd-645a4341ca75c\" class=\"wd-text-block wd-wpb reset-last-child inline-element wd-rs-645a4341ca75c text-left vc_custom_1683637067454\">\n\t\t\t<p><a href=\"#care_library_a\">A<\/a> <a href=\"#care_library_b\">B<\/a> <a href=\"#care_library_c\">C<\/a> <a href=\"#care_library_d\">D<\/a> E F G H I J K L M N O P Q R S T U V W X Y Z<\/p>\n\t\t<\/div>\n\t\t<\/div><\/div><\/div><\/div><div class=\"vc_row wpb_row vc_inner vc_row-fluid vc_row-o-equal-height vc_row-flex wd-rs-645b60081f47e\"><div class=\"wpb_column vc_column_container vc_col-sm-1 woodmart-sticky-column wd_sticky_offset_100 wd-rs-645cf355ed32e\"><div class=\"vc_column-inner\"><div class=\"wpb_wrapper\">\t\t<div id=\"wd-6475faa140d86\" class=\"wd-text-block wd-wpb reset-last-child inline-element wd-rs-6475faa140d86 text-center color-scheme-light wd-font-weight-600 color-title wd-fontsize-xl font-primary vc_custom_1685453538808\">\n\t\t\t<p>A<\/p>\n\t\t<\/div>\n\t\t<\/div><\/div><\/div><div class=\"wpb_column vc_column_container vc_col-sm-11 wd-rs-645a43379942b\" id=\"care_library_a\"><div class=\"vc_column-inner\"><div class=\"wpb_wrapper\">\n\t\t<div id=\"wd-645a5bc37a8ff\" class=\"wd-accordion wd-wpb wd-rs-645a5bc37a8ff vc_custom_1683643335632 wd-style-default wd-border-off wd-titles-left wd-opener-pos-right wd-opener-style-arrow\" data-state=\"all_closed\">\n\t\t\t\t\t\t\t\n\t\t\t\t\n\t\t\t\t<div class=\"wd-accordion-item\">\n\t\t\t\t\t<div class=\"wd-accordion-title wd-role-btn font-primary wd-fontsize-custom wd-font-weight-500\" data-accordion-index=\"0\" tabindex=\"0\">\n\t\t\t\t\t\t<div class=\"wd-accordion-title-text\">\n\t\t\t\t\t\t\t\t\t\t\t\t\t\t<span>\n\t\t\t\t\t\t\t\tViolette africaine\t\t\t\t\t\t\t<\/span>\n\t\t\t\t\t\t<\/div>\n\t\t\t\t\t\t<span class=\"wd-accordion-opener\"><\/span>\n\t\t\t\t\t<\/div>\n\n\t\t\t\t\t<div class=\"wd-accordion-content wd-entry-content\" data-accordion-index=\"0\">\n\t\t\t\t\t\t\t\t\t\t\t\t\t<p><img decoding=\"async\" class=\"alignnone wp-image-260 size-full\" src=\"https:\/\/kaldersbloemen.nl\/wp-content\/uploads\/2023\/06\/w-ps-description-library-1.jpg\" alt=\"\" width=\"740\" height=\"263\" srcset=\"https:\/\/kaldersbloemen.nl\/wp-content\/uploads\/2023\/06\/w-ps-description-library-1.jpg 740w, https:\/\/kaldersbloemen.nl\/wp-content\/uploads\/2023\/06\/w-ps-description-library-1-430x153.jpg 430w, https:\/\/kaldersbloemen.nl\/wp-content\/uploads\/2023\/06\/w-ps-description-library-1-190x68.jpg 190w, https:\/\/kaldersbloemen.nl\/wp-content\/uploads\/2023\/06\/w-ps-description-library-1-700x249.jpg 700w\" sizes=\"(max-width: 740px) 100vw, 740px\" \/>Cette plante est originaire des for\u00eats tropicales d'Asie du Sud-Est et d'Oc\u00e9anie. Pendant des d\u00e9cennies, les plantes de la famille Croton \u00e9taient consid\u00e9r\u00e9es comme des plantes d'ext\u00e9rieur, ayant besoin de plusieurs heures de lumi\u00e8re directe pour prosp\u00e9rer.<\/p>\n<p>Les plantes de Croton petra sont sensibles aux maladies bact\u00e9riennes que sont la galle du collet et la tache foliaire \u00e0 xanthomonas, ainsi qu'aux maladies fongiques que sont l'anthracnose, la galle des tiges et la canc\u00e9risation. <a href=\"https:\/\/dummy.xtemos.com\/woodmart2\/plants\/product\/pilea-peperomioides\/\"><u>Acheter cette plante<\/u><\/a><\/p>\n\t\t\t\t\t\t\t\t\t\t\t<\/div>\n\t\t\t\t<\/div>\n\t\t\t\t\t\t\t\n\t\t\t\t\n\t\t\t\t<div class=\"wd-accordion-item\">\n\t\t\t\t\t<div class=\"wd-accordion-title wd-role-btn font-primary wd-fontsize-custom wd-font-weight-500\" data-accordion-index=\"1\" tabindex=\"0\">\n\t\t\t\t\t\t<div class=\"wd-accordion-title-text\">\n\t\t\t\t\t\t\t\t\t\t\t\t\t\t<span>\n\t\t\t\t\t\t\t\tAglaonema\t\t\t\t\t\t\t<\/span>\n\t\t\t\t\t\t<\/div>\n\t\t\t\t\t\t<span class=\"wd-accordion-opener\"><\/span>\n\t\t\t\t\t<\/div>\n\n\t\t\t\t\t<div class=\"wd-accordion-content wd-entry-content\" data-accordion-index=\"1\">\n\t\t\t\t\t\t\t\t\t\t\t\t\t<p><img decoding=\"async\" class=\"alignnone wp-image-260 size-full\" src=\"https:\/\/kaldersbloemen.nl\/wp-content\/uploads\/2023\/06\/w-ps-description-library-1.jpg\" alt=\"\" width=\"740\" height=\"263\" srcset=\"https:\/\/kaldersbloemen.nl\/wp-content\/uploads\/2023\/06\/w-ps-description-library-1.jpg 740w, https:\/\/kaldersbloemen.nl\/wp-content\/uploads\/2023\/06\/w-ps-description-library-1-430x153.jpg 430w, https:\/\/kaldersbloemen.nl\/wp-content\/uploads\/2023\/06\/w-ps-description-library-1-190x68.jpg 190w, https:\/\/kaldersbloemen.nl\/wp-content\/uploads\/2023\/06\/w-ps-description-library-1-700x249.jpg 700w\" sizes=\"(max-width: 740px) 100vw, 740px\" \/>Cette plante est originaire des for\u00eats tropicales d'Asie du Sud-Est et d'Oc\u00e9anie. Pendant des d\u00e9cennies, les plantes de la famille Croton \u00e9taient consid\u00e9r\u00e9es comme des plantes d'ext\u00e9rieur, ayant besoin de plusieurs heures de lumi\u00e8re directe pour prosp\u00e9rer.<\/p>\n<p>Les plantes de Croton petra sont sensibles aux maladies bact\u00e9riennes que sont la galle du collet et la tache foliaire \u00e0 xanthomonas, ainsi qu'aux maladies fongiques que sont l'anthracnose, la galle des tiges et la canc\u00e9risation. <a href=\"https:\/\/dummy.xtemos.com\/woodmart2\/plants\/product\/pilea-peperomioides\/\"><u>Acheter cette plante<\/u><\/a><\/p>\n\t\t\t\t\t\t\t\t\t\t\t<\/div>\n\t\t\t\t<\/div>\n\t\t\t\t\t\t\t\n\t\t\t\t\n\t\t\t\t<div class=\"wd-accordion-item\">\n\t\t\t\t\t<div class=\"wd-accordion-title wd-role-btn font-primary wd-fontsize-custom wd-font-weight-500\" data-accordion-index=\"2\" tabindex=\"0\">\n\t\t\t\t\t\t<div class=\"wd-accordion-title-text\">\n\t\t\t\t\t\t\t\t\t\t\t\t\t\t<span>\n\t\t\t\t\t\t\t\tPlante \u00e0 air\t\t\t\t\t\t\t<\/span>\n\t\t\t\t\t\t<\/div>\n\t\t\t\t\t\t<span class=\"wd-accordion-opener\"><\/span>\n\t\t\t\t\t<\/div>\n\n\t\t\t\t\t<div class=\"wd-accordion-content wd-entry-content\" data-accordion-index=\"2\">\n\t\t\t\t\t\t\t\t\t\t\t\t\t<p><img decoding=\"async\" class=\"alignnone wp-image-260 size-full\" src=\"https:\/\/kaldersbloemen.nl\/wp-content\/uploads\/2023\/06\/w-ps-description-library-1.jpg\" alt=\"\" width=\"740\" height=\"263\" srcset=\"https:\/\/kaldersbloemen.nl\/wp-content\/uploads\/2023\/06\/w-ps-description-library-1.jpg 740w, https:\/\/kaldersbloemen.nl\/wp-content\/uploads\/2023\/06\/w-ps-description-library-1-430x153.jpg 430w, https:\/\/kaldersbloemen.nl\/wp-content\/uploads\/2023\/06\/w-ps-description-library-1-190x68.jpg 190w, https:\/\/kaldersbloemen.nl\/wp-content\/uploads\/2023\/06\/w-ps-description-library-1-700x249.jpg 700w\" sizes=\"(max-width: 740px) 100vw, 740px\" \/>Cette plante est originaire des for\u00eats tropicales d'Asie du Sud-Est et d'Oc\u00e9anie. Pendant des d\u00e9cennies, les plantes de la famille Croton \u00e9taient consid\u00e9r\u00e9es comme des plantes d'ext\u00e9rieur, ayant besoin de plusieurs heures de lumi\u00e8re directe pour prosp\u00e9rer.<\/p>\n<p>Les plantes de Croton petra sont sensibles aux maladies bact\u00e9riennes que sont la galle du collet et la tache foliaire \u00e0 xanthomonas, ainsi qu'aux maladies fongiques que sont l'anthracnose, la galle des tiges et la canc\u00e9risation. <a href=\"https:\/\/dummy.xtemos.com\/woodmart2\/plants\/product\/pilea-peperomioides\/\"><u>Acheter cette plante<\/u><\/a><\/p>\n\t\t\t\t\t\t\t\t\t\t\t<\/div>\n\t\t\t\t<\/div>\n\t\t\t\t\t\t\t\n\t\t\t\t\n\t\t\t\t<div class=\"wd-accordion-item\">\n\t\t\t\t\t<div class=\"wd-accordion-title wd-role-btn font-primary wd-fontsize-custom wd-font-weight-500\" data-accordion-index=\"3\" tabindex=\"0\">\n\t\t\t\t\t\t<div class=\"wd-accordion-title-text\">\n\t\t\t\t\t\t\t\t\t\t\t\t\t\t<span>\n\t\t\t\t\t\t\t\tAlocasie\t\t\t\t\t\t\t<\/span>\n\t\t\t\t\t\t<\/div>\n\t\t\t\t\t\t<span class=\"wd-accordion-opener\"><\/span>\n\t\t\t\t\t<\/div>\n\n\t\t\t\t\t<div class=\"wd-accordion-content wd-entry-content\" data-accordion-index=\"3\">\n\t\t\t\t\t\t\t\t\t\t\t\t\t<p><img decoding=\"async\" class=\"alignnone wp-image-260 size-full\" src=\"https:\/\/kaldersbloemen.nl\/wp-content\/uploads\/2023\/06\/w-ps-description-library-1.jpg\" alt=\"\" width=\"740\" height=\"263\" srcset=\"https:\/\/kaldersbloemen.nl\/wp-content\/uploads\/2023\/06\/w-ps-description-library-1.jpg 740w, https:\/\/kaldersbloemen.nl\/wp-content\/uploads\/2023\/06\/w-ps-description-library-1-430x153.jpg 430w, https:\/\/kaldersbloemen.nl\/wp-content\/uploads\/2023\/06\/w-ps-description-library-1-190x68.jpg 190w, https:\/\/kaldersbloemen.nl\/wp-content\/uploads\/2023\/06\/w-ps-description-library-1-700x249.jpg 700w\" sizes=\"(max-width: 740px) 100vw, 740px\" \/>Cette plante est originaire des for\u00eats tropicales d'Asie du Sud-Est et d'Oc\u00e9anie. Pendant des d\u00e9cennies, les plantes de la famille Croton \u00e9taient consid\u00e9r\u00e9es comme des plantes d'ext\u00e9rieur, ayant besoin de plusieurs heures de lumi\u00e8re directe pour prosp\u00e9rer.<\/p>\n<p>Les plantes de Croton petra sont sensibles aux maladies bact\u00e9riennes que sont la galle du collet et la tache foliaire \u00e0 xanthomonas, ainsi qu'aux maladies fongiques que sont l'anthracnose, la galle des tiges et la canc\u00e9risation. <a href=\"https:\/\/dummy.xtemos.com\/woodmart2\/plants\/product\/pilea-peperomioides\/\"><u>Acheter cette plante<\/u><\/a><\/p>\n\t\t\t\t\t\t\t\t\t\t\t<\/div>\n\t\t\t\t<\/div>\n\t\t\t\t\t\t\t\n\t\t\t\t\n\t\t\t\t<div class=\"wd-accordion-item\">\n\t\t\t\t\t<div class=\"wd-accordion-title wd-role-btn font-primary wd-fontsize-custom wd-font-weight-500\" data-accordion-index=\"4\" tabindex=\"0\">\n\t\t\t\t\t\t<div class=\"wd-accordion-title-text\">\n\t\t\t\t\t\t\t\t\t\t\t\t\t\t<span>\n\t\t\t\t\t\t\t\tAlo\u00e8s\t\t\t\t\t\t\t<\/span>\n\t\t\t\t\t\t<\/div>\n\t\t\t\t\t\t<span class=\"wd-accordion-opener\"><\/span>\n\t\t\t\t\t<\/div>\n\n\t\t\t\t\t<div class=\"wd-accordion-content wd-entry-content\" data-accordion-index=\"4\">\n\t\t\t\t\t\t\t\t\t\t\t\t\t<p><img decoding=\"async\" class=\"alignnone wp-image-260 size-full\" src=\"https:\/\/kaldersbloemen.nl\/wp-content\/uploads\/2023\/06\/w-ps-description-library-1.jpg\" alt=\"\" width=\"740\" height=\"263\" srcset=\"https:\/\/kaldersbloemen.nl\/wp-content\/uploads\/2023\/06\/w-ps-description-library-1.jpg 740w, https:\/\/kaldersbloemen.nl\/wp-content\/uploads\/2023\/06\/w-ps-description-library-1-430x153.jpg 430w, https:\/\/kaldersbloemen.nl\/wp-content\/uploads\/2023\/06\/w-ps-description-library-1-190x68.jpg 190w, https:\/\/kaldersbloemen.nl\/wp-content\/uploads\/2023\/06\/w-ps-description-library-1-700x249.jpg 700w\" sizes=\"(max-width: 740px) 100vw, 740px\" \/>Cette plante est originaire des for\u00eats tropicales d'Asie du Sud-Est et d'Oc\u00e9anie. Pendant des d\u00e9cennies, les plantes de la famille Croton \u00e9taient consid\u00e9r\u00e9es comme des plantes d'ext\u00e9rieur, ayant besoin de plusieurs heures de lumi\u00e8re directe pour prosp\u00e9rer.<\/p>\n<p>Les plantes de Croton petra sont sensibles aux maladies bact\u00e9riennes que sont la galle du collet et la tache foliaire \u00e0 xanthomonas, ainsi qu'aux maladies fongiques que sont l'anthracnose, la galle des tiges et la canc\u00e9risation. <a href=\"https:\/\/dummy.xtemos.com\/woodmart2\/plants\/product\/pilea-peperomioides\/\"><u>Acheter cette plante<\/u><\/a><\/p>\n\t\t\t\t\t\t\t\t\t\t\t<\/div>\n\t\t\t\t<\/div>\n\t\t\t\t\t\t\t\n\t\t\t\t\n\t\t\t\t<div class=\"wd-accordion-item\">\n\t\t\t\t\t<div class=\"wd-accordion-title wd-role-btn font-primary wd-fontsize-custom wd-font-weight-500\" data-accordion-index=\"5\" tabindex=\"0\">\n\t\t\t\t\t\t<div class=\"wd-accordion-title-text\">\n\t\t\t\t\t\t\t\t\t\t\t\t\t\t<span>\n\t\t\t\t\t\t\t\tFourmili\u00e8re\t\t\t\t\t\t\t<\/span>\n\t\t\t\t\t\t<\/div>\n\t\t\t\t\t\t<span class=\"wd-accordion-opener\"><\/span>\n\t\t\t\t\t<\/div>\n\n\t\t\t\t\t<div class=\"wd-accordion-content wd-entry-content\" data-accordion-index=\"5\">\n\t\t\t\t\t\t\t\t\t\t\t\t\t<p><img decoding=\"async\" class=\"alignnone wp-image-260 size-full\" src=\"https:\/\/kaldersbloemen.nl\/wp-content\/uploads\/2023\/06\/w-ps-description-library-1.jpg\" alt=\"\" width=\"740\" height=\"263\" srcset=\"https:\/\/kaldersbloemen.nl\/wp-content\/uploads\/2023\/06\/w-ps-description-library-1.jpg 740w, https:\/\/kaldersbloemen.nl\/wp-content\/uploads\/2023\/06\/w-ps-description-library-1-430x153.jpg 430w, https:\/\/kaldersbloemen.nl\/wp-content\/uploads\/2023\/06\/w-ps-description-library-1-190x68.jpg 190w, https:\/\/kaldersbloemen.nl\/wp-content\/uploads\/2023\/06\/w-ps-description-library-1-700x249.jpg 700w\" sizes=\"(max-width: 740px) 100vw, 740px\" \/>Cette plante est originaire des for\u00eats tropicales d'Asie du Sud-Est et d'Oc\u00e9anie. Pendant des d\u00e9cennies, les plantes de la famille Croton \u00e9taient consid\u00e9r\u00e9es comme des plantes d'ext\u00e9rieur, ayant besoin de plusieurs heures de lumi\u00e8re directe pour prosp\u00e9rer.<\/p>\n<p>Les plantes de Croton petra sont sensibles aux maladies bact\u00e9riennes que sont la galle du collet et la tache foliaire \u00e0 xanthomonas, ainsi qu'aux maladies fongiques que sont l'anthracnose, la galle des tiges et la canc\u00e9risation. <a href=\"https:\/\/dummy.xtemos.com\/woodmart2\/plants\/product\/pilea-peperomioides\/\"><u>Acheter cette plante<\/u><\/a><\/p>\n\t\t\t\t\t\t\t\t\t\t\t<\/div>\n\t\t\t\t<\/div>\n\t\t\t\t\t\t\t\n\t\t\t\t\n\t\t\t\t<div class=\"wd-accordion-item\">\n\t\t\t\t\t<div class=\"wd-accordion-title wd-role-btn font-primary wd-fontsize-custom wd-font-weight-500\" data-accordion-index=\"6\" tabindex=\"0\">\n\t\t\t\t\t\t<div class=\"wd-accordion-title-text\">\n\t\t\t\t\t\t\t\t\t\t\t\t\t\t<span>\n\t\t\t\t\t\t\t\tAnthurium\t\t\t\t\t\t\t<\/span>\n\t\t\t\t\t\t<\/div>\n\t\t\t\t\t\t<span class=\"wd-accordion-opener\"><\/span>\n\t\t\t\t\t<\/div>\n\n\t\t\t\t\t<div class=\"wd-accordion-content wd-entry-content\" data-accordion-index=\"6\">\n\t\t\t\t\t\t\t\t\t\t\t\t\t<p><img decoding=\"async\" class=\"alignnone wp-image-260 size-full\" src=\"https:\/\/kaldersbloemen.nl\/wp-content\/uploads\/2023\/06\/w-ps-description-library-1.jpg\" alt=\"\" width=\"740\" height=\"263\" srcset=\"https:\/\/kaldersbloemen.nl\/wp-content\/uploads\/2023\/06\/w-ps-description-library-1.jpg 740w, https:\/\/kaldersbloemen.nl\/wp-content\/uploads\/2023\/06\/w-ps-description-library-1-430x153.jpg 430w, https:\/\/kaldersbloemen.nl\/wp-content\/uploads\/2023\/06\/w-ps-description-library-1-190x68.jpg 190w, https:\/\/kaldersbloemen.nl\/wp-content\/uploads\/2023\/06\/w-ps-description-library-1-700x249.jpg 700w\" sizes=\"(max-width: 740px) 100vw, 740px\" \/>Cette plante est originaire des for\u00eats tropicales d'Asie du Sud-Est et d'Oc\u00e9anie. Pendant des d\u00e9cennies, les plantes de la famille Croton \u00e9taient consid\u00e9r\u00e9es comme des plantes d'ext\u00e9rieur, ayant besoin de plusieurs heures de lumi\u00e8re directe pour prosp\u00e9rer.<\/p>\n<p>Les plantes de Croton petra sont sensibles aux maladies bact\u00e9riennes que sont la galle du collet et la tache foliaire \u00e0 xanthomonas, ainsi qu'aux maladies fongiques que sont l'anthracnose, la galle des tiges et la canc\u00e9risation. <a href=\"https:\/\/dummy.xtemos.com\/woodmart2\/plants\/product\/pilea-peperomioides\/\"><u>Acheter cette plante<\/u><\/a><\/p>\n\t\t\t\t\t\t\t\t\t\t\t<\/div>\n\t\t\t\t<\/div>\n\t\t\t\t\t\t\t\t\t\t\t\t\t\t<\/div>\n\n\t\t<\/div><\/div><\/div><\/div><div class=\"vc_row wpb_row vc_inner vc_row-fluid vc_row-o-equal-height vc_row-flex wd-rs-645b608954162\"><div class=\"wpb_column vc_column_container vc_col-sm-1 woodmart-sticky-column wd_sticky_offset_100 wd-rs-645cf3779cd68\"><div class=\"vc_column-inner\"><div class=\"wpb_wrapper\">\t\t<div id=\"wd-6475fae5912d0\" class=\"wd-text-block wd-wpb reset-last-child inline-element wd-rs-6475fae5912d0 text-center color-scheme-light wd-font-weight-600 color-title wd-fontsize-xl font-primary vc_custom_1685453546698\">\n\t\t\t<p>B<\/p>\n\t\t<\/div>\n\t\t<\/div><\/div><\/div><div class=\"wpb_column vc_column_container vc_col-sm-11 wd-rs-645a3f1d721d6\" id=\"care_library_b\"><div class=\"vc_column-inner\"><div class=\"wpb_wrapper\">\n\t\t<div id=\"wd-645a5bcc06a57\" class=\"wd-accordion wd-wpb wd-rs-645a5bcc06a57 vc_custom_1683643343042 wd-style-default wd-border-off wd-titles-left wd-opener-pos-right wd-opener-style-arrow\" data-state=\"all_closed\">\n\t\t\t\t\t\t\t\n\t\t\t\t\n\t\t\t\t<div class=\"wd-accordion-item\">\n\t\t\t\t\t<div class=\"wd-accordion-title wd-role-btn font-primary wd-fontsize-custom wd-font-weight-500\" data-accordion-index=\"0\" tabindex=\"0\">\n\t\t\t\t\t\t<div class=\"wd-accordion-title-text\">\n\t\t\t\t\t\t\t\t\t\t\t\t\t\t<span>\n\t\t\t\t\t\t\t\tB\u00e9gonia\t\t\t\t\t\t\t<\/span>\n\t\t\t\t\t\t<\/div>\n\t\t\t\t\t\t<span class=\"wd-accordion-opener\"><\/span>\n\t\t\t\t\t<\/div>\n\n\t\t\t\t\t<div class=\"wd-accordion-content wd-entry-content\" data-accordion-index=\"0\">\n\t\t\t\t\t\t\t\t\t\t\t\t\t<p><img decoding=\"async\" class=\"alignnone wp-image-260 size-full\" src=\"https:\/\/kaldersbloemen.nl\/wp-content\/uploads\/2023\/06\/w-ps-description-library-1.jpg\" alt=\"\" width=\"740\" height=\"263\" srcset=\"https:\/\/kaldersbloemen.nl\/wp-content\/uploads\/2023\/06\/w-ps-description-library-1.jpg 740w, https:\/\/kaldersbloemen.nl\/wp-content\/uploads\/2023\/06\/w-ps-description-library-1-430x153.jpg 430w, https:\/\/kaldersbloemen.nl\/wp-content\/uploads\/2023\/06\/w-ps-description-library-1-190x68.jpg 190w, https:\/\/kaldersbloemen.nl\/wp-content\/uploads\/2023\/06\/w-ps-description-library-1-700x249.jpg 700w\" sizes=\"(max-width: 740px) 100vw, 740px\" \/>Cette plante est originaire des for\u00eats tropicales d'Asie du Sud-Est et d'Oc\u00e9anie. Pendant des d\u00e9cennies, les plantes de la famille Croton \u00e9taient consid\u00e9r\u00e9es comme des plantes d'ext\u00e9rieur, ayant besoin de plusieurs heures de lumi\u00e8re directe pour prosp\u00e9rer.<\/p>\n<p>Les plantes de Croton petra sont sensibles aux maladies bact\u00e9riennes que sont la galle du collet et la tache foliaire \u00e0 xanthomonas, ainsi qu'aux maladies fongiques que sont l'anthracnose, la galle des tiges et la canc\u00e9risation. <a href=\"https:\/\/dummy.xtemos.com\/woodmart2\/plants\/product\/pilea-peperomioides\/\"><u>Acheter cette plante<\/u><\/a><\/p>\n\t\t\t\t\t\t\t\t\t\t\t<\/div>\n\t\t\t\t<\/div>\n\t\t\t\t\t\t\t\n\t\t\t\t\n\t\t\t\t<div class=\"wd-accordion-item\">\n\t\t\t\t\t<div class=\"wd-accordion-title wd-role-btn font-primary wd-fontsize-custom wd-font-weight-500\" data-accordion-index=\"1\" tabindex=\"0\">\n\t\t\t\t\t\t<div class=\"wd-accordion-title-text\">\n\t\t\t\t\t\t\t\t\t\t\t\t\t\t<span>\n\t\t\t\t\t\t\t\tL'oiseau de paradis\t\t\t\t\t\t\t<\/span>\n\t\t\t\t\t\t<\/div>\n\t\t\t\t\t\t<span class=\"wd-accordion-opener\"><\/span>\n\t\t\t\t\t<\/div>\n\n\t\t\t\t\t<div class=\"wd-accordion-content wd-entry-content\" data-accordion-index=\"1\">\n\t\t\t\t\t\t\t\t\t\t\t\t\t<p><img decoding=\"async\" class=\"alignnone wp-image-260 size-full\" src=\"https:\/\/kaldersbloemen.nl\/wp-content\/uploads\/2023\/06\/w-ps-description-library-1.jpg\" alt=\"\" width=\"740\" height=\"263\" srcset=\"https:\/\/kaldersbloemen.nl\/wp-content\/uploads\/2023\/06\/w-ps-description-library-1.jpg 740w, https:\/\/kaldersbloemen.nl\/wp-content\/uploads\/2023\/06\/w-ps-description-library-1-430x153.jpg 430w, https:\/\/kaldersbloemen.nl\/wp-content\/uploads\/2023\/06\/w-ps-description-library-1-190x68.jpg 190w, https:\/\/kaldersbloemen.nl\/wp-content\/uploads\/2023\/06\/w-ps-description-library-1-700x249.jpg 700w\" sizes=\"(max-width: 740px) 100vw, 740px\" \/>Cette plante est originaire des for\u00eats tropicales d'Asie du Sud-Est et d'Oc\u00e9anie. Pendant des d\u00e9cennies, les plantes de la famille Croton \u00e9taient consid\u00e9r\u00e9es comme des plantes d'ext\u00e9rieur, ayant besoin de plusieurs heures de lumi\u00e8re directe pour prosp\u00e9rer.<\/p>\n<p>Les plantes de Croton petra sont sensibles aux maladies bact\u00e9riennes que sont la galle du collet et la tache foliaire \u00e0 xanthomonas, ainsi qu'aux maladies fongiques que sont l'anthracnose, la galle des tiges et la canc\u00e9risation. <a href=\"https:\/\/dummy.xtemos.com\/woodmart2\/plants\/product\/pilea-peperomioides\/\"><u>Acheter cette plante<\/u><\/a><\/p>\n\t\t\t\t\t\t\t\t\t\t\t<\/div>\n\t\t\t\t<\/div>\n\t\t\t\t\t\t\t\n\t\t\t\t\n\t\t\t\t<div class=\"wd-accordion-item\">\n\t\t\t\t\t<div class=\"wd-accordion-title wd-role-btn font-primary wd-fontsize-custom wd-font-weight-500\" data-accordion-index=\"2\" tabindex=\"0\">\n\t\t\t\t\t\t<div class=\"wd-accordion-title-text\">\n\t\t\t\t\t\t\t\t\t\t\t\t\t\t<span>\n\t\t\t\t\t\t\t\tBrom\u00e9liac\u00e9es\t\t\t\t\t\t\t<\/span>\n\t\t\t\t\t\t<\/div>\n\t\t\t\t\t\t<span class=\"wd-accordion-opener\"><\/span>\n\t\t\t\t\t<\/div>\n\n\t\t\t\t\t<div class=\"wd-accordion-content wd-entry-content\" data-accordion-index=\"2\">\n\t\t\t\t\t\t\t\t\t\t\t\t\t<p><img decoding=\"async\" class=\"alignnone wp-image-260 size-full\" src=\"https:\/\/kaldersbloemen.nl\/wp-content\/uploads\/2023\/06\/w-ps-description-library-1.jpg\" alt=\"\" width=\"740\" height=\"263\" srcset=\"https:\/\/kaldersbloemen.nl\/wp-content\/uploads\/2023\/06\/w-ps-description-library-1.jpg 740w, https:\/\/kaldersbloemen.nl\/wp-content\/uploads\/2023\/06\/w-ps-description-library-1-430x153.jpg 430w, https:\/\/kaldersbloemen.nl\/wp-content\/uploads\/2023\/06\/w-ps-description-library-1-190x68.jpg 190w, https:\/\/kaldersbloemen.nl\/wp-content\/uploads\/2023\/06\/w-ps-description-library-1-700x249.jpg 700w\" sizes=\"(max-width: 740px) 100vw, 740px\" \/>Cette plante est originaire des for\u00eats tropicales d'Asie du Sud-Est et d'Oc\u00e9anie. Pendant des d\u00e9cennies, les plantes de la famille Croton \u00e9taient consid\u00e9r\u00e9es comme des plantes d'ext\u00e9rieur, ayant besoin de plusieurs heures de lumi\u00e8re directe pour prosp\u00e9rer.<\/p>\n<p>Les plantes de Croton petra sont sensibles aux maladies bact\u00e9riennes que sont la galle du collet et la tache foliaire \u00e0 xanthomonas, ainsi qu'aux maladies fongiques que sont l'anthracnose, la galle des tiges et la canc\u00e9risation. <a href=\"https:\/\/dummy.xtemos.com\/woodmart2\/plants\/product\/pilea-peperomioides\/\"><u>Acheter cette plante<\/u><\/a><\/p>\n\t\t\t\t\t\t\t\t\t\t\t<\/div>\n\t\t\t\t<\/div>\n\t\t\t\t\t\t\t\n\t\t\t\t\n\t\t\t\t<div class=\"wd-accordion-item\">\n\t\t\t\t\t<div class=\"wd-accordion-title wd-role-btn font-primary wd-fontsize-custom wd-font-weight-500\" data-accordion-index=\"3\" tabindex=\"0\">\n\t\t\t\t\t\t<div class=\"wd-accordion-title-text\">\n\t\t\t\t\t\t\t\t\t\t\t\t\t\t<span>\n\t\t\t\t\t\t\t\tPlante papillon\t\t\t\t\t\t\t<\/span>\n\t\t\t\t\t\t<\/div>\n\t\t\t\t\t\t<span class=\"wd-accordion-opener\"><\/span>\n\t\t\t\t\t<\/div>\n\n\t\t\t\t\t<div class=\"wd-accordion-content wd-entry-content\" data-accordion-index=\"3\">\n\t\t\t\t\t\t\t\t\t\t\t\t\t<p><img decoding=\"async\" class=\"alignnone wp-image-260 size-full\" src=\"https:\/\/kaldersbloemen.nl\/wp-content\/uploads\/2023\/06\/w-ps-description-library-1.jpg\" alt=\"\" width=\"740\" height=\"263\" srcset=\"https:\/\/kaldersbloemen.nl\/wp-content\/uploads\/2023\/06\/w-ps-description-library-1.jpg 740w, https:\/\/kaldersbloemen.nl\/wp-content\/uploads\/2023\/06\/w-ps-description-library-1-430x153.jpg 430w, https:\/\/kaldersbloemen.nl\/wp-content\/uploads\/2023\/06\/w-ps-description-library-1-190x68.jpg 190w, https:\/\/kaldersbloemen.nl\/wp-content\/uploads\/2023\/06\/w-ps-description-library-1-700x249.jpg 700w\" sizes=\"(max-width: 740px) 100vw, 740px\" \/>Cette plante est originaire des for\u00eats tropicales d'Asie du Sud-Est et d'Oc\u00e9anie. Pendant des d\u00e9cennies, les plantes de la famille Croton \u00e9taient consid\u00e9r\u00e9es comme des plantes d'ext\u00e9rieur, ayant besoin de plusieurs heures de lumi\u00e8re directe pour prosp\u00e9rer.<\/p>\n<p>Les plantes de Croton petra sont sensibles aux maladies bact\u00e9riennes que sont la galle du collet et la tache foliaire \u00e0 xanthomonas, ainsi qu'aux maladies fongiques que sont l'anthracnose, la galle des tiges et la canc\u00e9risation. <a href=\"https:\/\/dummy.xtemos.com\/woodmart2\/plants\/product\/pilea-peperomioides\/\"><u>Acheter cette plante<\/u><\/a><\/p>\n\t\t\t\t\t\t\t\t\t\t\t<\/div>\n\t\t\t\t<\/div>\n\t\t\t\t\t\t\t\t\t\t\t\t\t\t<\/div>\n\n\t\t<\/div><\/div><\/div><\/div><div class=\"vc_row wpb_row vc_inner vc_row-fluid vc_row-o-equal-height vc_row-flex wd-rs-645cf3c3e930d\"><div class=\"wpb_column vc_column_container vc_col-sm-1 woodmart-sticky-column wd_sticky_offset_100 wd-rs-645cf3acf1564\"><div class=\"vc_column-inner\"><div class=\"wpb_wrapper\">\t\t<div id=\"wd-6475fb02720e6\" class=\"wd-text-block wd-wpb reset-last-child inline-element wd-rs-6475fb02720e6 text-center color-scheme-light wd-font-weight-600 color-title wd-fontsize-xl font-primary vc_custom_1685453575302\">\n\t\t\t<p>C<\/p>\n\t\t<\/div>\n\t\t<\/div><\/div><\/div><div class=\"wpb_column vc_column_container vc_col-sm-11 wd-rs-645a3feba491a\" id=\"care_library_c\"><div class=\"vc_column-inner\"><div class=\"wpb_wrapper\">\n\t\t<div id=\"wd-645a5bd194db8\" class=\"wd-accordion wd-wpb wd-rs-645a5bd194db8 vc_custom_1683643348367 wd-style-default wd-border-off wd-titles-left wd-opener-pos-right wd-opener-style-arrow\" data-state=\"all_closed\">\n\t\t\t\t\t\t\t\n\t\t\t\t\n\t\t\t\t<div class=\"wd-accordion-item\">\n\t\t\t\t\t<div class=\"wd-accordion-title wd-role-btn font-primary wd-fontsize-custom wd-font-weight-500\" data-accordion-index=\"0\" tabindex=\"0\">\n\t\t\t\t\t\t<div class=\"wd-accordion-title-text\">\n\t\t\t\t\t\t\t\t\t\t\t\t\t\t<span>\n\t\t\t\t\t\t\t\tCactus\t\t\t\t\t\t\t<\/span>\n\t\t\t\t\t\t<\/div>\n\t\t\t\t\t\t<span class=\"wd-accordion-opener\"><\/span>\n\t\t\t\t\t<\/div>\n\n\t\t\t\t\t<div class=\"wd-accordion-content wd-entry-content\" data-accordion-index=\"0\">\n\t\t\t\t\t\t\t\t\t\t\t\t\t<p><img decoding=\"async\" class=\"alignnone wp-image-260 size-full\" src=\"https:\/\/kaldersbloemen.nl\/wp-content\/uploads\/2023\/06\/w-ps-description-library-1.jpg\" alt=\"\" width=\"740\" height=\"263\" srcset=\"https:\/\/kaldersbloemen.nl\/wp-content\/uploads\/2023\/06\/w-ps-description-library-1.jpg 740w, https:\/\/kaldersbloemen.nl\/wp-content\/uploads\/2023\/06\/w-ps-description-library-1-430x153.jpg 430w, https:\/\/kaldersbloemen.nl\/wp-content\/uploads\/2023\/06\/w-ps-description-library-1-190x68.jpg 190w, https:\/\/kaldersbloemen.nl\/wp-content\/uploads\/2023\/06\/w-ps-description-library-1-700x249.jpg 700w\" sizes=\"(max-width: 740px) 100vw, 740px\" \/>Cette plante est originaire des for\u00eats tropicales d'Asie du Sud-Est et d'Oc\u00e9anie. Pendant des d\u00e9cennies, les plantes de la famille Croton \u00e9taient consid\u00e9r\u00e9es comme des plantes d'ext\u00e9rieur, ayant besoin de plusieurs heures de lumi\u00e8re directe pour prosp\u00e9rer.<\/p>\n<p>Les plantes de Croton petra sont sensibles aux maladies bact\u00e9riennes que sont la galle du collet et la tache foliaire \u00e0 xanthomonas, ainsi qu'aux maladies fongiques que sont l'anthracnose, la galle des tiges et la canc\u00e9risation. <a href=\"https:\/\/dummy.xtemos.com\/woodmart2\/plants\/product\/pilea-peperomioides\/\"><u>Acheter cette plante<\/u><\/a><\/p>\n\t\t\t\t\t\t\t\t\t\t\t<\/div>\n\t\t\t\t<\/div>\n\t\t\t\t\t\t\t\n\t\t\t\t\n\t\t\t\t<div class=\"wd-accordion-item\">\n\t\t\t\t\t<div class=\"wd-accordion-title wd-role-btn font-primary wd-fontsize-custom wd-font-weight-500\" data-accordion-index=\"1\" tabindex=\"0\">\n\t\t\t\t\t\t<div class=\"wd-accordion-title-text\">\n\t\t\t\t\t\t\t\t\t\t\t\t\t\t<span>\n\t\t\t\t\t\t\t\tCaladium\t\t\t\t\t\t\t<\/span>\n\t\t\t\t\t\t<\/div>\n\t\t\t\t\t\t<span class=\"wd-accordion-opener\"><\/span>\n\t\t\t\t\t<\/div>\n\n\t\t\t\t\t<div class=\"wd-accordion-content wd-entry-content\" data-accordion-index=\"1\">\n\t\t\t\t\t\t\t\t\t\t\t\t\t<p><img decoding=\"async\" class=\"alignnone wp-image-260 size-full\" src=\"https:\/\/kaldersbloemen.nl\/wp-content\/uploads\/2023\/06\/w-ps-description-library-1.jpg\" alt=\"\" width=\"740\" height=\"263\" srcset=\"https:\/\/kaldersbloemen.nl\/wp-content\/uploads\/2023\/06\/w-ps-description-library-1.jpg 740w, https:\/\/kaldersbloemen.nl\/wp-content\/uploads\/2023\/06\/w-ps-description-library-1-430x153.jpg 430w, https:\/\/kaldersbloemen.nl\/wp-content\/uploads\/2023\/06\/w-ps-description-library-1-190x68.jpg 190w, https:\/\/kaldersbloemen.nl\/wp-content\/uploads\/2023\/06\/w-ps-description-library-1-700x249.jpg 700w\" sizes=\"(max-width: 740px) 100vw, 740px\" \/>Cette plante est originaire des for\u00eats tropicales d'Asie du Sud-Est et d'Oc\u00e9anie. Pendant des d\u00e9cennies, les plantes de la famille Croton \u00e9taient consid\u00e9r\u00e9es comme des plantes d'ext\u00e9rieur, ayant besoin de plusieurs heures de lumi\u00e8re directe pour prosp\u00e9rer.<\/p>\n<p>Les plantes de Croton petra sont sensibles aux maladies bact\u00e9riennes que sont la galle du collet et la tache foliaire \u00e0 xanthomonas, ainsi qu'aux maladies fongiques que sont l'anthracnose, la galle des tiges et la canc\u00e9risation. <a href=\"https:\/\/dummy.xtemos.com\/woodmart2\/plants\/product\/pilea-peperomioides\/\"><u>Acheter cette plante<\/u><\/a><\/p>\n\t\t\t\t\t\t\t\t\t\t\t<\/div>\n\t\t\t\t<\/div>\n\t\t\t\t\t\t\t\n\t\t\t\t\n\t\t\t\t<div class=\"wd-accordion-item\">\n\t\t\t\t\t<div class=\"wd-accordion-title wd-role-btn font-primary wd-fontsize-custom wd-font-weight-500\" data-accordion-index=\"2\" tabindex=\"0\">\n\t\t\t\t\t\t<div class=\"wd-accordion-title-text\">\n\t\t\t\t\t\t\t\t\t\t\t\t\t\t<span>\n\t\t\t\t\t\t\t\tCalathea\t\t\t\t\t\t\t<\/span>\n\t\t\t\t\t\t<\/div>\n\t\t\t\t\t\t<span class=\"wd-accordion-opener\"><\/span>\n\t\t\t\t\t<\/div>\n\n\t\t\t\t\t<div class=\"wd-accordion-content wd-entry-content\" data-accordion-index=\"2\">\n\t\t\t\t\t\t\t\t\t\t\t\t\t<p><img decoding=\"async\" class=\"alignnone wp-image-260 size-full\" src=\"https:\/\/kaldersbloemen.nl\/wp-content\/uploads\/2023\/06\/w-ps-description-library-1.jpg\" alt=\"\" width=\"740\" height=\"263\" srcset=\"https:\/\/kaldersbloemen.nl\/wp-content\/uploads\/2023\/06\/w-ps-description-library-1.jpg 740w, https:\/\/kaldersbloemen.nl\/wp-content\/uploads\/2023\/06\/w-ps-description-library-1-430x153.jpg 430w, https:\/\/kaldersbloemen.nl\/wp-content\/uploads\/2023\/06\/w-ps-description-library-1-190x68.jpg 190w, https:\/\/kaldersbloemen.nl\/wp-content\/uploads\/2023\/06\/w-ps-description-library-1-700x249.jpg 700w\" sizes=\"(max-width: 740px) 100vw, 740px\" \/>Cette plante est originaire des for\u00eats tropicales d'Asie du Sud-Est et d'Oc\u00e9anie. Pendant des d\u00e9cennies, les plantes de la famille Croton \u00e9taient consid\u00e9r\u00e9es comme des plantes d'ext\u00e9rieur, ayant besoin de plusieurs heures de lumi\u00e8re directe pour prosp\u00e9rer.<\/p>\n<p>Les plantes de Croton petra sont sensibles aux maladies bact\u00e9riennes que sont la galle du collet et la tache foliaire \u00e0 xanthomonas, ainsi qu'aux maladies fongiques que sont l'anthracnose, la galle des tiges et la canc\u00e9risation. <a href=\"https:\/\/dummy.xtemos.com\/woodmart2\/plants\/product\/pilea-peperomioides\/\"><u>Acheter cette plante<\/u><\/a><\/p>\n\t\t\t\t\t\t\t\t\t\t\t<\/div>\n\t\t\t\t<\/div>\n\t\t\t\t\t\t\t\n\t\t\t\t\n\t\t\t\t<div class=\"wd-accordion-item\">\n\t\t\t\t\t<div class=\"wd-accordion-title wd-role-btn font-primary wd-fontsize-custom wd-font-weight-500\" data-accordion-index=\"3\" tabindex=\"0\">\n\t\t\t\t\t\t<div class=\"wd-accordion-title-text\">\n\t\t\t\t\t\t\t\t\t\t\t\t\t\t<span>\n\t\t\t\t\t\t\t\tCallisia\t\t\t\t\t\t\t<\/span>\n\t\t\t\t\t\t<\/div>\n\t\t\t\t\t\t<span class=\"wd-accordion-opener\"><\/span>\n\t\t\t\t\t<\/div>\n\n\t\t\t\t\t<div class=\"wd-accordion-content wd-entry-content\" data-accordion-index=\"3\">\n\t\t\t\t\t\t\t\t\t\t\t\t\t<p><img decoding=\"async\" class=\"alignnone wp-image-260 size-full\" src=\"https:\/\/kaldersbloemen.nl\/wp-content\/uploads\/2023\/06\/w-ps-description-library-1.jpg\" alt=\"\" width=\"740\" height=\"263\" srcset=\"https:\/\/kaldersbloemen.nl\/wp-content\/uploads\/2023\/06\/w-ps-description-library-1.jpg 740w, https:\/\/kaldersbloemen.nl\/wp-content\/uploads\/2023\/06\/w-ps-description-library-1-430x153.jpg 430w, https:\/\/kaldersbloemen.nl\/wp-content\/uploads\/2023\/06\/w-ps-description-library-1-190x68.jpg 190w, https:\/\/kaldersbloemen.nl\/wp-content\/uploads\/2023\/06\/w-ps-description-library-1-700x249.jpg 700w\" sizes=\"(max-width: 740px) 100vw, 740px\" \/>Cette plante est originaire des for\u00eats tropicales d'Asie du Sud-Est et d'Oc\u00e9anie. Pendant des d\u00e9cennies, les plantes de la famille Croton \u00e9taient consid\u00e9r\u00e9es comme des plantes d'ext\u00e9rieur, ayant besoin de plusieurs heures de lumi\u00e8re directe pour prosp\u00e9rer.<\/p>\n<p>Les plantes de Croton petra sont sensibles aux maladies bact\u00e9riennes que sont la galle du collet et la tache foliaire \u00e0 xanthomonas, ainsi qu'aux maladies fongiques que sont l'anthracnose, la galle des tiges et la canc\u00e9risation. <a href=\"https:\/\/dummy.xtemos.com\/woodmart2\/plants\/product\/pilea-peperomioides\/\"><u>Acheter cette plante<\/u><\/a><\/p>\n\t\t\t\t\t\t\t\t\t\t\t<\/div>\n\t\t\t\t<\/div>\n\t\t\t\t\t\t\t\n\t\t\t\t\n\t\t\t\t<div class=\"wd-accordion-item\">\n\t\t\t\t\t<div class=\"wd-accordion-title wd-role-btn font-primary wd-fontsize-custom wd-font-weight-500\" data-accordion-index=\"4\" tabindex=\"0\">\n\t\t\t\t\t\t<div class=\"wd-accordion-title-text\">\n\t\t\t\t\t\t\t\t\t\t\t\t\t\t<span>\n\t\t\t\t\t\t\t\tCroton\t\t\t\t\t\t\t<\/span>\n\t\t\t\t\t\t<\/div>\n\t\t\t\t\t\t<span class=\"wd-accordion-opener\"><\/span>\n\t\t\t\t\t<\/div>\n\n\t\t\t\t\t<div class=\"wd-accordion-content wd-entry-content\" data-accordion-index=\"4\">\n\t\t\t\t\t\t\t\t\t\t\t\t\t<p><img decoding=\"async\" class=\"alignnone wp-image-260 size-full\" src=\"https:\/\/kaldersbloemen.nl\/wp-content\/uploads\/2023\/06\/w-ps-description-library-1.jpg\" alt=\"\" width=\"740\" height=\"263\" srcset=\"https:\/\/kaldersbloemen.nl\/wp-content\/uploads\/2023\/06\/w-ps-description-library-1.jpg 740w, https:\/\/kaldersbloemen.nl\/wp-content\/uploads\/2023\/06\/w-ps-description-library-1-430x153.jpg 430w, https:\/\/kaldersbloemen.nl\/wp-content\/uploads\/2023\/06\/w-ps-description-library-1-190x68.jpg 190w, https:\/\/kaldersbloemen.nl\/wp-content\/uploads\/2023\/06\/w-ps-description-library-1-700x249.jpg 700w\" sizes=\"(max-width: 740px) 100vw, 740px\" \/>Cette plante est originaire des for\u00eats tropicales d'Asie du Sud-Est et d'Oc\u00e9anie. Pendant des d\u00e9cennies, les plantes de la famille Croton \u00e9taient consid\u00e9r\u00e9es comme des plantes d'ext\u00e9rieur, ayant besoin de plusieurs heures de lumi\u00e8re directe pour prosp\u00e9rer.<\/p>\n<p>Les plantes de Croton petra sont sensibles aux maladies bact\u00e9riennes que sont la galle du collet et la tache foliaire \u00e0 xanthomonas, ainsi qu'aux maladies fongiques que sont l'anthracnose, la galle des tiges et la canc\u00e9risation. <a href=\"https:\/\/dummy.xtemos.com\/woodmart2\/plants\/product\/pilea-peperomioides\/\"><u>Acheter cette plante<\/u><\/a><\/p>\n\t\t\t\t\t\t\t\t\t\t\t<\/div>\n\t\t\t\t<\/div>\n\t\t\t\t\t\t\t\t\t\t\t\t\t\t<\/div>\n\n\t\t<\/div><\/div><\/div><\/div><div class=\"vc_row wpb_row vc_inner vc_row-fluid vc_row-o-equal-height vc_row-flex wd-rs-645cf3ca759f0\"><div class=\"wpb_column vc_column_container vc_col-sm-1 woodmart-sticky-column wd_sticky_offset_100 wd-rs-645cf3938b736\"><div class=\"vc_column-inner\"><div class=\"wpb_wrapper\">\t\t<div id=\"wd-6475fb0b377ed\" class=\"wd-text-block wd-wpb reset-last-child inline-element wd-rs-6475fb0b377ed text-center color-scheme-light wd-font-weight-600 color-title wd-fontsize-xl font-primary vc_custom_1685453582454\">\n\t\t\t<p>D<\/p>\n\t\t<\/div>\n\t\t<\/div><\/div><\/div><div class=\"wpb_column vc_column_container vc_col-sm-11 wd-rs-645a403015704\" id=\"care_library_d\"><div class=\"vc_column-inner\"><div class=\"wpb_wrapper\">\n\t\t<div id=\"wd-645a5bd748efd\" class=\"wd-accordion wd-wpb wd-rs-645a5bd748efd vc_custom_1683643354607 wd-style-default wd-border-off wd-titles-left wd-opener-pos-right wd-opener-style-arrow\" data-state=\"all_closed\">\n\t\t\t\t\t\t\t\n\t\t\t\t\n\t\t\t\t<div class=\"wd-accordion-item\">\n\t\t\t\t\t<div class=\"wd-accordion-title wd-role-btn font-primary wd-fontsize-custom wd-font-weight-500\" data-accordion-index=\"0\" tabindex=\"0\">\n\t\t\t\t\t\t<div class=\"wd-accordion-title-text\">\n\t\t\t\t\t\t\t\t\t\t\t\t\t\t<span>\n\t\t\t\t\t\t\t\tDieffenbachia\t\t\t\t\t\t\t<\/span>\n\t\t\t\t\t\t<\/div>\n\t\t\t\t\t\t<span class=\"wd-accordion-opener\"><\/span>\n\t\t\t\t\t<\/div>\n\n\t\t\t\t\t<div class=\"wd-accordion-content wd-entry-content\" data-accordion-index=\"0\">\n\t\t\t\t\t\t\t\t\t\t\t\t\t<p><img decoding=\"async\" class=\"alignnone wp-image-260 size-full\" src=\"https:\/\/kaldersbloemen.nl\/wp-content\/uploads\/2023\/06\/w-ps-description-library-1.jpg\" alt=\"\" width=\"740\" height=\"263\" srcset=\"https:\/\/kaldersbloemen.nl\/wp-content\/uploads\/2023\/06\/w-ps-description-library-1.jpg 740w, https:\/\/kaldersbloemen.nl\/wp-content\/uploads\/2023\/06\/w-ps-description-library-1-430x153.jpg 430w, https:\/\/kaldersbloemen.nl\/wp-content\/uploads\/2023\/06\/w-ps-description-library-1-190x68.jpg 190w, https:\/\/kaldersbloemen.nl\/wp-content\/uploads\/2023\/06\/w-ps-description-library-1-700x249.jpg 700w\" sizes=\"(max-width: 740px) 100vw, 740px\" \/>Cette plante est originaire des for\u00eats tropicales d'Asie du Sud-Est et d'Oc\u00e9anie. Pendant des d\u00e9cennies, les plantes de la famille Croton \u00e9taient consid\u00e9r\u00e9es comme des plantes d'ext\u00e9rieur, ayant besoin de plusieurs heures de lumi\u00e8re directe pour prosp\u00e9rer.<\/p>\n<p>Les plantes de Croton petra sont sensibles aux maladies bact\u00e9riennes que sont la galle du collet et la tache foliaire \u00e0 xanthomonas, ainsi qu'aux maladies fongiques que sont l'anthracnose, la galle des tiges et la canc\u00e9risation. <a href=\"https:\/\/dummy.xtemos.com\/woodmart2\/plants\/product\/pilea-peperomioides\/\"><u>Acheter cette plante<\/u><\/a><\/p>\n\t\t\t\t\t\t\t\t\t\t\t<\/div>\n\t\t\t\t<\/div>\n\t\t\t\t\t\t\t\n\t\t\t\t\n\t\t\t\t<div class=\"wd-accordion-item\">\n\t\t\t\t\t<div class=\"wd-accordion-title wd-role-btn font-primary wd-fontsize-custom wd-font-weight-500\" data-accordion-index=\"1\" tabindex=\"0\">\n\t\t\t\t\t\t<div class=\"wd-accordion-title-text\">\n\t\t\t\t\t\t\t\t\t\t\t\t\t\t<span>\n\t\t\t\t\t\t\t\tDracaena\t\t\t\t\t\t\t<\/span>\n\t\t\t\t\t\t<\/div>\n\t\t\t\t\t\t<span class=\"wd-accordion-opener\"><\/span>\n\t\t\t\t\t<\/div>\n\n\t\t\t\t\t<div class=\"wd-accordion-content wd-entry-content\" data-accordion-index=\"1\">\n\t\t\t\t\t\t\t\t\t\t\t\t\t<p><img decoding=\"async\" class=\"alignnone wp-image-260 size-full\" src=\"https:\/\/kaldersbloemen.nl\/wp-content\/uploads\/2023\/06\/w-ps-description-library-1.jpg\" alt=\"\" width=\"740\" height=\"263\" srcset=\"https:\/\/kaldersbloemen.nl\/wp-content\/uploads\/2023\/06\/w-ps-description-library-1.jpg 740w, https:\/\/kaldersbloemen.nl\/wp-content\/uploads\/2023\/06\/w-ps-description-library-1-430x153.jpg 430w, https:\/\/kaldersbloemen.nl\/wp-content\/uploads\/2023\/06\/w-ps-description-library-1-190x68.jpg 190w, https:\/\/kaldersbloemen.nl\/wp-content\/uploads\/2023\/06\/w-ps-description-library-1-700x249.jpg 700w\" sizes=\"(max-width: 740px) 100vw, 740px\" \/>Cette plante est originaire des for\u00eats tropicales d'Asie du Sud-Est et d'Oc\u00e9anie. Pendant des d\u00e9cennies, les plantes de la famille Croton \u00e9taient consid\u00e9r\u00e9es comme des plantes d'ext\u00e9rieur, ayant besoin de plusieurs heures de lumi\u00e8re directe pour prosp\u00e9rer.<\/p>\n<p>Les plantes de Croton petra sont sensibles aux maladies bact\u00e9riennes que sont la galle du collet et la tache foliaire \u00e0 xanthomonas, ainsi qu'aux maladies fongiques que sont l'anthracnose, la galle des tiges et la canc\u00e9risation. <a href=\"https:\/\/dummy.xtemos.com\/woodmart2\/plants\/product\/pilea-peperomioides\/\"><u>Acheter cette plante<\/u><\/a><\/p>\n\t\t\t\t\t\t\t\t\t\t\t<\/div>\n\t\t\t\t<\/div>\n\t\t\t\t\t\t\t\n\t\t\t\t\n\t\t\t\t<div class=\"wd-accordion-item\">\n\t\t\t\t\t<div class=\"wd-accordion-title wd-role-btn font-primary wd-fontsize-custom wd-font-weight-500\" data-accordion-index=\"2\" tabindex=\"0\">\n\t\t\t\t\t\t<div class=\"wd-accordion-title-text\">\n\t\t\t\t\t\t\t\t\t\t\t\t\t\t<span>\n\t\t\t\t\t\t\t\tBananier nain\t\t\t\t\t\t\t<\/span>\n\t\t\t\t\t\t<\/div>\n\t\t\t\t\t\t<span class=\"wd-accordion-opener\"><\/span>\n\t\t\t\t\t<\/div>\n\n\t\t\t\t\t<div class=\"wd-accordion-content wd-entry-content\" data-accordion-index=\"2\">\n\t\t\t\t\t\t\t\t\t\t\t\t\t<p><img decoding=\"async\" class=\"alignnone wp-image-260 size-full\" src=\"https:\/\/kaldersbloemen.nl\/wp-content\/uploads\/2023\/06\/w-ps-description-library-1.jpg\" alt=\"\" width=\"740\" height=\"263\" srcset=\"https:\/\/kaldersbloemen.nl\/wp-content\/uploads\/2023\/06\/w-ps-description-library-1.jpg 740w, https:\/\/kaldersbloemen.nl\/wp-content\/uploads\/2023\/06\/w-ps-description-library-1-430x153.jpg 430w, https:\/\/kaldersbloemen.nl\/wp-content\/uploads\/2023\/06\/w-ps-description-library-1-190x68.jpg 190w, https:\/\/kaldersbloemen.nl\/wp-content\/uploads\/2023\/06\/w-ps-description-library-1-700x249.jpg 700w\" sizes=\"(max-width: 740px) 100vw, 740px\" \/>Cette plante est originaire des for\u00eats tropicales d'Asie du Sud-Est et d'Oc\u00e9anie. Pendant des d\u00e9cennies, les plantes de la famille Croton \u00e9taient consid\u00e9r\u00e9es comme des plantes d'ext\u00e9rieur, ayant besoin de plusieurs heures de lumi\u00e8re directe pour prosp\u00e9rer.<\/p>\n<p>Les plantes de Croton petra sont sensibles aux maladies bact\u00e9riennes que sont la galle du collet et la tache foliaire \u00e0 xanthomonas, ainsi qu'aux maladies fongiques que sont l'anthracnose, la galle des tiges et la canc\u00e9risation. <a href=\"https:\/\/dummy.xtemos.com\/woodmart2\/plants\/product\/pilea-peperomioides\/\"><u>Acheter cette plante<\/u><\/a><\/p>\n\t\t\t\t\t\t\t\t\t\t\t<\/div>\n\t\t\t\t<\/div>\n\t\t\t\t\t\t\t\t\t\t\t\t\t\t<\/div>\n\n\t\t<\/div><\/div><\/div><\/div><\/div><\/div><\/div><\/div>\n<\/div>","protected":false},"excerpt":{"rendered":"Alle benodigde informatie over verzorging Heb je alsnog vragen? Neem contact op en we helpen je verder! Jump to: A","protected":false},"author":1,"featured_media":0,"parent":0,"menu_order":0,"comment_status":"closed","ping_status":"closed","template":"","meta":{"footnotes":""},"class_list":["post-17","page","type-page","status-publish","hentry"],"_links":{"self":[{"href":"https:\/\/kaldersbloemen.nl\/fr\/wp-json\/wp\/v2\/pages\/17","targetHints":{"allow":["GET"]}}],"collection":[{"href":"https:\/\/kaldersbloemen.nl\/fr\/wp-json\/wp\/v2\/pages"}],"about":[{"href":"https:\/\/kaldersbloemen.nl\/fr\/wp-json\/wp\/v2\/types\/page"}],"author":[{"embeddable":true,"href":"https:\/\/kaldersbloemen.nl\/fr\/wp-json\/wp\/v2\/users\/1"}],"replies":[{"embeddable":true,"href":"https:\/\/kaldersbloemen.nl\/fr\/wp-json\/wp\/v2\/comments?post=17"}],"version-history":[{"count":2,"href":"https:\/\/kaldersbloemen.nl\/fr\/wp-json\/wp\/v2\/pages\/17\/revisions"}],"predecessor-version":[{"id":632,"href":"https:\/\/kaldersbloemen.nl\/fr\/wp-json\/wp\/v2\/pages\/17\/revisions\/632"}],"wp:attachment":[{"href":"https:\/\/kaldersbloemen.nl\/fr\/wp-json\/wp\/v2\/media?parent=17"}],"curies":[{"name":"wp","href":"https:\/\/api.w.org\/{rel}","templated":true}]}}